{"id":1155,"date":"2018-03-26T11:46:16","date_gmt":"2018-03-26T09:46:16","guid":{"rendered":"http:\/\/www.orion-veicolispeciali.info\/fr\/?page_id=1155"},"modified":"2018-11-23T13:56:37","modified_gmt":"2018-11-23T12:56:37","slug":"trasporto-disabili","status":"publish","type":"page","link":"https:\/\/orion-veicolispeciali.info\/fr\/i-modelli\/trasporto-disabili\/","title":{"rendered":"Transport de personnes handicap\u00e9es"},"content":{"rendered":"<p><a class=\"button\" href=\"http:\/\/www.ambulanzeusate.it\/usati\/home\" target=\"_blank\" rel=\"noopener\">Consultez d\u00e8s maintenant le nouveau site ORION Pro Mobility<\/a><\/p>\n<p>ORION a d\u00e9velopp\u00e9, avec son bureau de recherche et de d\u00e9veloppement, un nouveau type de v\u00e9hicules pour le transport de personnes handicap\u00e9es qui associe les exigences de confort et habitabilit\u00e9 aux r\u00e9glementations europ\u00e9ennes concernant la s\u00e9curit\u00e9 de l\u2019arrimage des fauteuils roulants \u00e0 l\u2019int\u00e9rieur du v\u00e9hicule de transport.<br \/>\nLa philosophie de l\u2019entreprise ORION tend toujours \u00e0 am\u00e9liorer les normes actuelles, et ses nouveaux v\u00e9hicules propos\u00e9s, allant des v\u00e9hicules pour personnes handicap\u00e9es pr\u00eats \u00e0 \u00eatre livr\u00e9s sur le mod\u00e8le Fiat Dobl\u00f2 jusqu\u2019\u00e0 des personnalisations plus cibl\u00e9es, l\u2019exp\u00e9rience d\u2019ORION dans le secteur de l\u2019urgence garantit fiabilit\u00e9 et robustesse.<br \/>\nNos v\u00e9hicules neufs et cl\u00e9 en main ou d\u2019occasion, destin\u00e9s au transport de personnes handicap\u00e9es sont r\u00e9alis\u00e9s avec soin et \u00e9valu\u00e9s conform\u00e9ment aux proc\u00e9dures fix\u00e9es par la norme europ\u00e9enne et offrent des certitudes quant \u00e0 la s\u00e9curit\u00e9, l\u2019ergonomie et le confort pendant leur utilisation.<br \/>\nORION peut aussi \u00e9tudier sur mesure les besoins du client final afin que le v\u00e9hicule \u00e0 am\u00e9nager r\u00e9ponde vraiment \u00e0 celui que souhaite le client.<\/p>\n<h3>Dobl\u00f2<\/h3>\n<div data-carousel-extra='{\"blog_id\":1,\"permalink\":\"https:\\\/\\\/orion-veicolispeciali.info\\\/fr\\\/i-modelli\\\/trasporto-disabili\\\/\"}' class=\"tiled-gallery type-rectangular\" data-original-width=\"1200\"><div class=\"gallery-row\" style=\"width: 1195px; height: 595px;\"><div class=\"gallery-group images-1\" style=\"width: 797px; height: 599px;\"><div class=\"tiled-gallery-item tiled-gallery-item-large\"><a href=\"https:\/\/orion-veicolispeciali.info\/fr\/wp-content\/uploads\/2018\/03\/img.LTEwMzY0MTE0Ng.jpeg\"><img loading=\"lazy\" decoding=\"async\" data-attachment-id=\"1246\" data-orig-file=\"https:\/\/orion-veicolispeciali.info\/fr\/wp-content\/uploads\/2018\/03\/img.LTEwMzY0MTE0Ng.jpeg\" data-orig-size=\"480,360\" data-comments-opened=\"1\" data-image-meta=\"{&quot;aperture&quot;:&quot;0&quot;,&quot;credit&quot;:&quot;&quot;,&quot;camera&quot;:&quot;&quot;,&quot;caption&quot;:&quot;&quot;,&quot;created_timestamp&quot;:&quot;0&quot;,&quot;copyright&quot;:&quot;&quot;,&quot;focal_length&quot;:&quot;0&quot;,&quot;iso&quot;:&quot;0&quot;,&quot;shutter_speed&quot;:&quot;0&quot;,&quot;title&quot;:&quot;&quot;,&quot;orientation&quot;:&quot;0&quot;}\" data-image-title=\"img.LTEwMzY0MTE0Ng\" data-image-description=\"\" data-medium-file=\"https:\/\/orion-veicolispeciali.info\/fr\/wp-content\/uploads\/2018\/03\/img.LTEwMzY0MTE0Ng-300x225.jpeg\" data-large-file=\"https:\/\/orion-veicolispeciali.info\/fr\/wp-content\/uploads\/2018\/03\/img.LTEwMzY0MTE0Ng.jpeg\" src=\"https:\/\/orion-veicolispeciali.info\/fr\/wp-content\/uploads\/2018\/03\/img.LTEwMzY0MTE0Ng.jpeg\" width=\"793\" height=\"595\" align=\"left\" title=\"img.LTEwMzY0MTE0Ng\" \/><\/a><\/div><\/div><div class=\"gallery-group images-2\" style=\"width: 398px; height: 599px;\"><div class=\"tiled-gallery-item tiled-gallery-item-large\"><a href=\"https:\/\/orion-veicolispeciali.info\/fr\/wp-content\/uploads\/2018\/03\/img.LTEwNzA5OTE4MDA.jpeg\"><img loading=\"lazy\" decoding=\"async\" data-attachment-id=\"1247\" data-orig-file=\"https:\/\/orion-veicolispeciali.info\/fr\/wp-content\/uploads\/2018\/03\/img.LTEwNzA5OTE4MDA.jpeg\" data-orig-size=\"480,360\" data-comments-opened=\"1\" data-image-meta=\"{&quot;aperture&quot;:&quot;0&quot;,&quot;credit&quot;:&quot;&quot;,&quot;camera&quot;:&quot;&quot;,&quot;caption&quot;:&quot;&quot;,&quot;created_timestamp&quot;:&quot;0&quot;,&quot;copyright&quot;:&quot;&quot;,&quot;focal_length&quot;:&quot;0&quot;,&quot;iso&quot;:&quot;0&quot;,&quot;shutter_speed&quot;:&quot;0&quot;,&quot;title&quot;:&quot;&quot;,&quot;orientation&quot;:&quot;0&quot;}\" data-image-title=\"img.LTEwNzA5OTE4MDA\" data-image-description=\"\" data-medium-file=\"https:\/\/orion-veicolispeciali.info\/fr\/wp-content\/uploads\/2018\/03\/img.LTEwNzA5OTE4MDA-300x225.jpeg\" data-large-file=\"https:\/\/orion-veicolispeciali.info\/fr\/wp-content\/uploads\/2018\/03\/img.LTEwNzA5OTE4MDA.jpeg\" src=\"https:\/\/orion-veicolispeciali.info\/fr\/wp-content\/uploads\/2018\/03\/img.LTEwNzA5OTE4MDA-394x296.jpeg\" width=\"394\" height=\"296\" align=\"left\" title=\"img.LTEwNzA5OTE4MDA\" \/><\/a><\/div><div class=\"tiled-gallery-item tiled-gallery-item-large\"><a href=\"https:\/\/orion-veicolispeciali.info\/fr\/wp-content\/uploads\/2018\/03\/img.LTQ4NjQwNDUwNg.jpeg\"><img loading=\"lazy\" decoding=\"async\" data-attachment-id=\"1248\" data-orig-file=\"https:\/\/orion-veicolispeciali.info\/fr\/wp-content\/uploads\/2018\/03\/img.LTQ4NjQwNDUwNg.jpeg\" data-orig-size=\"480,360\" data-comments-opened=\"1\" data-image-meta=\"{&quot;aperture&quot;:&quot;0&quot;,&quot;credit&quot;:&quot;&quot;,&quot;camera&quot;:&quot;&quot;,&quot;caption&quot;:&quot;&quot;,&quot;created_timestamp&quot;:&quot;0&quot;,&quot;copyright&quot;:&quot;&quot;,&quot;focal_length&quot;:&quot;0&quot;,&quot;iso&quot;:&quot;0&quot;,&quot;shutter_speed&quot;:&quot;0&quot;,&quot;title&quot;:&quot;&quot;,&quot;orientation&quot;:&quot;0&quot;}\" data-image-title=\"img.LTQ4NjQwNDUwNg\" data-image-description=\"\" data-medium-file=\"https:\/\/orion-veicolispeciali.info\/fr\/wp-content\/uploads\/2018\/03\/img.LTQ4NjQwNDUwNg-300x225.jpeg\" data-large-file=\"https:\/\/orion-veicolispeciali.info\/fr\/wp-content\/uploads\/2018\/03\/img.LTQ4NjQwNDUwNg.jpeg\" src=\"https:\/\/orion-veicolispeciali.info\/fr\/wp-content\/uploads\/2018\/03\/img.LTQ4NjQwNDUwNg-394x295.jpeg\" width=\"394\" height=\"295\" align=\"left\" title=\"img.LTQ4NjQwNDUwNg\" \/><\/a><\/div><\/div><\/div><div class=\"gallery-row\" style=\"width: 1195px; height: 893px;\"><div class=\"gallery-group images-1\" style=\"width: 1195px; height: 897px;\"><div class=\"tiled-gallery-item tiled-gallery-item-large\"><a href=\"https:\/\/orion-veicolispeciali.info\/fr\/wp-content\/uploads\/2018\/03\/img.MTk0NzI4MTQ1Ng.jpeg\"><img loading=\"lazy\" decoding=\"async\" data-attachment-id=\"1249\" data-orig-file=\"https:\/\/orion-veicolispeciali.info\/fr\/wp-content\/uploads\/2018\/03\/img.MTk0NzI4MTQ1Ng.jpeg\" data-orig-size=\"480,360\" data-comments-opened=\"1\" data-image-meta=\"{&quot;aperture&quot;:&quot;0&quot;,&quot;credit&quot;:&quot;&quot;,&quot;camera&quot;:&quot;&quot;,&quot;caption&quot;:&quot;&quot;,&quot;created_timestamp&quot;:&quot;0&quot;,&quot;copyright&quot;:&quot;&quot;,&quot;focal_length&quot;:&quot;0&quot;,&quot;iso&quot;:&quot;0&quot;,&quot;shutter_speed&quot;:&quot;0&quot;,&quot;title&quot;:&quot;&quot;,&quot;orientation&quot;:&quot;0&quot;}\" data-image-title=\"img.MTk0NzI4MTQ1Ng\" data-image-description=\"\" data-medium-file=\"https:\/\/orion-veicolispeciali.info\/fr\/wp-content\/uploads\/2018\/03\/img.MTk0NzI4MTQ1Ng-300x225.jpeg\" data-large-file=\"https:\/\/orion-veicolispeciali.info\/fr\/wp-content\/uploads\/2018\/03\/img.MTk0NzI4MTQ1Ng.jpeg\" src=\"https:\/\/orion-veicolispeciali.info\/fr\/wp-content\/uploads\/2018\/03\/img.MTk0NzI4MTQ1Ng.jpeg\" width=\"1191\" height=\"893\" align=\"left\" title=\"img.MTk0NzI4MTQ1Ng\" \/><\/a><\/div><\/div><\/div><\/div>\n<h3>Minibus sur Ford Custom<\/h3>\n<div data-carousel-extra='{\"blog_id\":1,\"permalink\":\"https:\\\/\\\/orion-veicolispeciali.info\\\/fr\\\/i-modelli\\\/trasporto-disabili\\\/\"}' class=\"tiled-gallery type-rectangular\" data-original-width=\"1200\"><div class=\"gallery-row\" style=\"width: 1195px; height: 595px;\"><div class=\"gallery-group images-1\" style=\"width: 797px; height: 599px;\"><div class=\"tiled-gallery-item tiled-gallery-item-large\"><a href=\"https:\/\/orion-veicolispeciali.info\/fr\/wp-content\/uploads\/2018\/03\/img.LTkwNjcxNzU0Nw.jpeg\"><img loading=\"lazy\" decoding=\"async\" data-attachment-id=\"1232\" data-orig-file=\"https:\/\/orion-veicolispeciali.info\/fr\/wp-content\/uploads\/2018\/03\/img.LTkwNjcxNzU0Nw.jpeg\" data-orig-size=\"480,360\" data-comments-opened=\"1\" data-image-meta=\"{&quot;aperture&quot;:&quot;0&quot;,&quot;credit&quot;:&quot;&quot;,&quot;camera&quot;:&quot;&quot;,&quot;caption&quot;:&quot;&quot;,&quot;created_timestamp&quot;:&quot;0&quot;,&quot;copyright&quot;:&quot;&quot;,&quot;focal_length&quot;:&quot;0&quot;,&quot;iso&quot;:&quot;0&quot;,&quot;shutter_speed&quot;:&quot;0&quot;,&quot;title&quot;:&quot;&quot;,&quot;orientation&quot;:&quot;0&quot;}\" data-image-title=\"img.LTkwNjcxNzU0Nw\" data-image-description=\"\" data-medium-file=\"https:\/\/orion-veicolispeciali.info\/fr\/wp-content\/uploads\/2018\/03\/img.LTkwNjcxNzU0Nw-300x225.jpeg\" data-large-file=\"https:\/\/orion-veicolispeciali.info\/fr\/wp-content\/uploads\/2018\/03\/img.LTkwNjcxNzU0Nw.jpeg\" src=\"https:\/\/orion-veicolispeciali.info\/fr\/wp-content\/uploads\/2018\/03\/img.LTkwNjcxNzU0Nw.jpeg\" width=\"793\" height=\"595\" align=\"left\" title=\"img.LTkwNjcxNzU0Nw\" \/><\/a><\/div><\/div><div class=\"gallery-group images-2\" style=\"width: 398px; height: 599px;\"><div class=\"tiled-gallery-item tiled-gallery-item-large\"><a href=\"https:\/\/orion-veicolispeciali.info\/fr\/wp-content\/uploads\/2018\/03\/img.LTQwMjc4ODYw.jpeg\"><img loading=\"lazy\" decoding=\"async\" data-attachment-id=\"1233\" data-orig-file=\"https:\/\/orion-veicolispeciali.info\/fr\/wp-content\/uploads\/2018\/03\/img.LTQwMjc4ODYw.jpeg\" data-orig-size=\"480,360\" data-comments-opened=\"1\" data-image-meta=\"{&quot;aperture&quot;:&quot;0&quot;,&quot;credit&quot;:&quot;&quot;,&quot;camera&quot;:&quot;&quot;,&quot;caption&quot;:&quot;&quot;,&quot;created_timestamp&quot;:&quot;0&quot;,&quot;copyright&quot;:&quot;&quot;,&quot;focal_length&quot;:&quot;0&quot;,&quot;iso&quot;:&quot;0&quot;,&quot;shutter_speed&quot;:&quot;0&quot;,&quot;title&quot;:&quot;&quot;,&quot;orientation&quot;:&quot;0&quot;}\" data-image-title=\"img.LTQwMjc4ODYw\" data-image-description=\"\" data-medium-file=\"https:\/\/orion-veicolispeciali.info\/fr\/wp-content\/uploads\/2018\/03\/img.LTQwMjc4ODYw-300x225.jpeg\" data-large-file=\"https:\/\/orion-veicolispeciali.info\/fr\/wp-content\/uploads\/2018\/03\/img.LTQwMjc4ODYw.jpeg\" src=\"https:\/\/orion-veicolispeciali.info\/fr\/wp-content\/uploads\/2018\/03\/img.LTQwMjc4ODYw-394x296.jpeg\" width=\"394\" height=\"296\" align=\"left\" title=\"img.LTQwMjc4ODYw\" \/><\/a><\/div><div class=\"tiled-gallery-item tiled-gallery-item-large\"><a href=\"https:\/\/orion-veicolispeciali.info\/fr\/wp-content\/uploads\/2018\/03\/img.MTQ1NzAyOTI2NQ.jpeg\"><img loading=\"lazy\" decoding=\"async\" data-attachment-id=\"1234\" data-orig-file=\"https:\/\/orion-veicolispeciali.info\/fr\/wp-content\/uploads\/2018\/03\/img.MTQ1NzAyOTI2NQ.jpeg\" data-orig-size=\"480,360\" data-comments-opened=\"1\" data-image-meta=\"{&quot;aperture&quot;:&quot;0&quot;,&quot;credit&quot;:&quot;&quot;,&quot;camera&quot;:&quot;&quot;,&quot;caption&quot;:&quot;&quot;,&quot;created_timestamp&quot;:&quot;0&quot;,&quot;copyright&quot;:&quot;&quot;,&quot;focal_length&quot;:&quot;0&quot;,&quot;iso&quot;:&quot;0&quot;,&quot;shutter_speed&quot;:&quot;0&quot;,&quot;title&quot;:&quot;&quot;,&quot;orientation&quot;:&quot;0&quot;}\" data-image-title=\"img.MTQ1NzAyOTI2NQ\" data-image-description=\"\" data-medium-file=\"https:\/\/orion-veicolispeciali.info\/fr\/wp-content\/uploads\/2018\/03\/img.MTQ1NzAyOTI2NQ-300x225.jpeg\" data-large-file=\"https:\/\/orion-veicolispeciali.info\/fr\/wp-content\/uploads\/2018\/03\/img.MTQ1NzAyOTI2NQ.jpeg\" src=\"https:\/\/orion-veicolispeciali.info\/fr\/wp-content\/uploads\/2018\/03\/img.MTQ1NzAyOTI2NQ-394x295.jpeg\" width=\"394\" height=\"295\" align=\"left\" title=\"img.MTQ1NzAyOTI2NQ\" \/><\/a><\/div><\/div><\/div><div class=\"gallery-row\" style=\"width: 1195px; height: 445px;\"><div class=\"gallery-group images-1\" style=\"width: 598px; height: 449px;\"><div class=\"tiled-gallery-item tiled-gallery-item-large\"><a href=\"https:\/\/orion-veicolispeciali.info\/fr\/wp-content\/uploads\/2018\/03\/img.NDQzMzk2NDY3.jpeg\"><img loading=\"lazy\" decoding=\"async\" data-attachment-id=\"1235\" data-orig-file=\"https:\/\/orion-veicolispeciali.info\/fr\/wp-content\/uploads\/2018\/03\/img.NDQzMzk2NDY3.jpeg\" data-orig-size=\"480,360\" data-comments-opened=\"1\" data-image-meta=\"{&quot;aperture&quot;:&quot;0&quot;,&quot;credit&quot;:&quot;&quot;,&quot;camera&quot;:&quot;&quot;,&quot;caption&quot;:&quot;&quot;,&quot;created_timestamp&quot;:&quot;0&quot;,&quot;copyright&quot;:&quot;&quot;,&quot;focal_length&quot;:&quot;0&quot;,&quot;iso&quot;:&quot;0&quot;,&quot;shutter_speed&quot;:&quot;0&quot;,&quot;title&quot;:&quot;&quot;,&quot;orientation&quot;:&quot;0&quot;}\" data-image-title=\"img.NDQzMzk2NDY3\" data-image-description=\"\" data-medium-file=\"https:\/\/orion-veicolispeciali.info\/fr\/wp-content\/uploads\/2018\/03\/img.NDQzMzk2NDY3-300x225.jpeg\" data-large-file=\"https:\/\/orion-veicolispeciali.info\/fr\/wp-content\/uploads\/2018\/03\/img.NDQzMzk2NDY3.jpeg\" src=\"https:\/\/orion-veicolispeciali.info\/fr\/wp-content\/uploads\/2018\/03\/img.NDQzMzk2NDY3.jpeg\" width=\"594\" height=\"445\" align=\"left\" title=\"img.NDQzMzk2NDY3\" \/><\/a><\/div><\/div><div class=\"gallery-group images-1\" style=\"width: 597px; height: 449px;\"><div class=\"tiled-gallery-item tiled-gallery-item-large\"><a href=\"https:\/\/orion-veicolispeciali.info\/fr\/wp-content\/uploads\/2018\/03\/img.ODI2MTU5ODI3.jpeg\"><img loading=\"lazy\" decoding=\"async\" data-attachment-id=\"1236\" data-orig-file=\"https:\/\/orion-veicolispeciali.info\/fr\/wp-content\/uploads\/2018\/03\/img.ODI2MTU5ODI3.jpeg\" data-orig-size=\"480,360\" data-comments-opened=\"1\" data-image-meta=\"{&quot;aperture&quot;:&quot;0&quot;,&quot;credit&quot;:&quot;&quot;,&quot;camera&quot;:&quot;&quot;,&quot;caption&quot;:&quot;&quot;,&quot;created_timestamp&quot;:&quot;0&quot;,&quot;copyright&quot;:&quot;&quot;,&quot;focal_length&quot;:&quot;0&quot;,&quot;iso&quot;:&quot;0&quot;,&quot;shutter_speed&quot;:&quot;0&quot;,&quot;title&quot;:&quot;&quot;,&quot;orientation&quot;:&quot;0&quot;}\" data-image-title=\"img.ODI2MTU5ODI3\" data-image-description=\"\" data-medium-file=\"https:\/\/orion-veicolispeciali.info\/fr\/wp-content\/uploads\/2018\/03\/img.ODI2MTU5ODI3-300x225.jpeg\" data-large-file=\"https:\/\/orion-veicolispeciali.info\/fr\/wp-content\/uploads\/2018\/03\/img.ODI2MTU5ODI3.jpeg\" src=\"https:\/\/orion-veicolispeciali.info\/fr\/wp-content\/uploads\/2018\/03\/img.ODI2MTU5ODI3.jpeg\" width=\"593\" height=\"445\" align=\"left\" title=\"img.ODI2MTU5ODI3\" \/><\/a><\/div><\/div><\/div><\/div>\n<h3>Minibus Transport de Personnes handicap\u00e9es sur Ducato<\/h3>\n<div data-carousel-extra='{\"blog_id\":1,\"permalink\":\"https:\\\/\\\/orion-veicolispeciali.info\\\/fr\\\/i-modelli\\\/trasporto-disabili\\\/\"}' class=\"tiled-gallery type-rectangular\" data-original-width=\"1200\"><div class=\"gallery-row\" style=\"width: 1195px; height: 595px;\"><div class=\"gallery-group images-1\" style=\"width: 797px; height: 599px;\"><div class=\"tiled-gallery-item tiled-gallery-item-large\"><a href=\"https:\/\/orion-veicolispeciali.info\/fr\/wp-content\/uploads\/2018\/03\/img.LTE0ODc4MjQwMTc.jpeg\"><img loading=\"lazy\" decoding=\"async\" data-attachment-id=\"1237\" data-orig-file=\"https:\/\/orion-veicolispeciali.info\/fr\/wp-content\/uploads\/2018\/03\/img.LTE0ODc4MjQwMTc.jpeg\" data-orig-size=\"480,360\" data-comments-opened=\"1\" data-image-meta=\"{&quot;aperture&quot;:&quot;0&quot;,&quot;credit&quot;:&quot;&quot;,&quot;camera&quot;:&quot;&quot;,&quot;caption&quot;:&quot;&quot;,&quot;created_timestamp&quot;:&quot;0&quot;,&quot;copyright&quot;:&quot;&quot;,&quot;focal_length&quot;:&quot;0&quot;,&quot;iso&quot;:&quot;0&quot;,&quot;shutter_speed&quot;:&quot;0&quot;,&quot;title&quot;:&quot;&quot;,&quot;orientation&quot;:&quot;0&quot;}\" data-image-title=\"img.LTE0ODc4MjQwMTc\" data-image-description=\"\" data-medium-file=\"https:\/\/orion-veicolispeciali.info\/fr\/wp-content\/uploads\/2018\/03\/img.LTE0ODc4MjQwMTc-300x225.jpeg\" data-large-file=\"https:\/\/orion-veicolispeciali.info\/fr\/wp-content\/uploads\/2018\/03\/img.LTE0ODc4MjQwMTc.jpeg\" src=\"https:\/\/orion-veicolispeciali.info\/fr\/wp-content\/uploads\/2018\/03\/img.LTE0ODc4MjQwMTc.jpeg\" width=\"793\" height=\"595\" align=\"left\" title=\"img.LTE0ODc4MjQwMTc\" \/><\/a><\/div><\/div><div class=\"gallery-group images-2\" style=\"width: 398px; height: 599px;\"><div class=\"tiled-gallery-item tiled-gallery-item-large\"><a href=\"https:\/\/orion-veicolispeciali.info\/fr\/wp-content\/uploads\/2018\/03\/img.LTE4NTcwNDg4NjU.jpeg\"><img loading=\"lazy\" decoding=\"async\" data-attachment-id=\"1238\" data-orig-file=\"https:\/\/orion-veicolispeciali.info\/fr\/wp-content\/uploads\/2018\/03\/img.LTE4NTcwNDg4NjU.jpeg\" data-orig-size=\"480,360\" data-comments-opened=\"1\" data-image-meta=\"{&quot;aperture&quot;:&quot;0&quot;,&quot;credit&quot;:&quot;&quot;,&quot;camera&quot;:&quot;&quot;,&quot;caption&quot;:&quot;&quot;,&quot;created_timestamp&quot;:&quot;0&quot;,&quot;copyright&quot;:&quot;&quot;,&quot;focal_length&quot;:&quot;0&quot;,&quot;iso&quot;:&quot;0&quot;,&quot;shutter_speed&quot;:&quot;0&quot;,&quot;title&quot;:&quot;&quot;,&quot;orientation&quot;:&quot;0&quot;}\" data-image-title=\"img.LTE4NTcwNDg4NjU\" data-image-description=\"\" data-medium-file=\"https:\/\/orion-veicolispeciali.info\/fr\/wp-content\/uploads\/2018\/03\/img.LTE4NTcwNDg4NjU-300x225.jpeg\" data-large-file=\"https:\/\/orion-veicolispeciali.info\/fr\/wp-content\/uploads\/2018\/03\/img.LTE4NTcwNDg4NjU.jpeg\" src=\"https:\/\/orion-veicolispeciali.info\/fr\/wp-content\/uploads\/2018\/03\/img.LTE4NTcwNDg4NjU-394x296.jpeg\" width=\"394\" height=\"296\" align=\"left\" title=\"img.LTE4NTcwNDg4NjU\" \/><\/a><\/div><div class=\"tiled-gallery-item tiled-gallery-item-large\"><a href=\"https:\/\/orion-veicolispeciali.info\/fr\/wp-content\/uploads\/2018\/03\/img.LTE4NzA1ODczNzc.jpeg\"><img loading=\"lazy\" decoding=\"async\" data-attachment-id=\"1239\" data-orig-file=\"https:\/\/orion-veicolispeciali.info\/fr\/wp-content\/uploads\/2018\/03\/img.LTE4NzA1ODczNzc.jpeg\" data-orig-size=\"480,360\" data-comments-opened=\"1\" data-image-meta=\"{&quot;aperture&quot;:&quot;0&quot;,&quot;credit&quot;:&quot;&quot;,&quot;camera&quot;:&quot;&quot;,&quot;caption&quot;:&quot;&quot;,&quot;created_timestamp&quot;:&quot;0&quot;,&quot;copyright&quot;:&quot;&quot;,&quot;focal_length&quot;:&quot;0&quot;,&quot;iso&quot;:&quot;0&quot;,&quot;shutter_speed&quot;:&quot;0&quot;,&quot;title&quot;:&quot;&quot;,&quot;orientation&quot;:&quot;0&quot;}\" data-image-title=\"img.LTE4NzA1ODczNzc\" data-image-description=\"\" data-medium-file=\"https:\/\/orion-veicolispeciali.info\/fr\/wp-content\/uploads\/2018\/03\/img.LTE4NzA1ODczNzc-300x225.jpeg\" data-large-file=\"https:\/\/orion-veicolispeciali.info\/fr\/wp-content\/uploads\/2018\/03\/img.LTE4NzA1ODczNzc.jpeg\" src=\"https:\/\/orion-veicolispeciali.info\/fr\/wp-content\/uploads\/2018\/03\/img.LTE4NzA1ODczNzc-394x295.jpeg\" width=\"394\" height=\"295\" align=\"left\" title=\"img.LTE4NzA1ODczNzc\" \/><\/a><\/div><\/div><\/div><div class=\"gallery-row\" style=\"width: 1195px; height: 296px;\"><div class=\"gallery-group images-1\" style=\"width: 399px; height: 300px;\"><div class=\"tiled-gallery-item tiled-gallery-item-large\"><a href=\"https:\/\/orion-veicolispeciali.info\/fr\/wp-content\/uploads\/2018\/03\/img.MjA0MTYxNjU1OQ.jpeg\"><img loading=\"lazy\" decoding=\"async\" data-attachment-id=\"1240\" data-orig-file=\"https:\/\/orion-veicolispeciali.info\/fr\/wp-content\/uploads\/2018\/03\/img.MjA0MTYxNjU1OQ.jpeg\" data-orig-size=\"480,360\" data-comments-opened=\"1\" data-image-meta=\"{&quot;aperture&quot;:&quot;0&quot;,&quot;credit&quot;:&quot;&quot;,&quot;camera&quot;:&quot;&quot;,&quot;caption&quot;:&quot;&quot;,&quot;created_timestamp&quot;:&quot;0&quot;,&quot;copyright&quot;:&quot;&quot;,&quot;focal_length&quot;:&quot;0&quot;,&quot;iso&quot;:&quot;0&quot;,&quot;shutter_speed&quot;:&quot;0&quot;,&quot;title&quot;:&quot;&quot;,&quot;orientation&quot;:&quot;0&quot;}\" data-image-title=\"img.MjA0MTYxNjU1OQ\" data-image-description=\"\" data-medium-file=\"https:\/\/orion-veicolispeciali.info\/fr\/wp-content\/uploads\/2018\/03\/img.MjA0MTYxNjU1OQ-300x225.jpeg\" data-large-file=\"https:\/\/orion-veicolispeciali.info\/fr\/wp-content\/uploads\/2018\/03\/img.MjA0MTYxNjU1OQ.jpeg\" src=\"https:\/\/orion-veicolispeciali.info\/fr\/wp-content\/uploads\/2018\/03\/img.MjA0MTYxNjU1OQ-395x296.jpeg\" width=\"395\" height=\"296\" align=\"left\" title=\"img.MjA0MTYxNjU1OQ\" \/><\/a><\/div><\/div><div class=\"gallery-group images-1\" style=\"width: 398px; height: 300px;\"><div class=\"tiled-gallery-item tiled-gallery-item-large\"><a href=\"https:\/\/orion-veicolispeciali.info\/fr\/wp-content\/uploads\/2018\/03\/img.MTA3NDI2NTkwNQ.jpeg\"><img loading=\"lazy\" decoding=\"async\" data-attachment-id=\"1241\" data-orig-file=\"https:\/\/orion-veicolispeciali.info\/fr\/wp-content\/uploads\/2018\/03\/img.MTA3NDI2NTkwNQ.jpeg\" data-orig-size=\"480,360\" data-comments-opened=\"1\" data-image-meta=\"{&quot;aperture&quot;:&quot;0&quot;,&quot;credit&quot;:&quot;&quot;,&quot;camera&quot;:&quot;&quot;,&quot;caption&quot;:&quot;&quot;,&quot;created_timestamp&quot;:&quot;0&quot;,&quot;copyright&quot;:&quot;&quot;,&quot;focal_length&quot;:&quot;0&quot;,&quot;iso&quot;:&quot;0&quot;,&quot;shutter_speed&quot;:&quot;0&quot;,&quot;title&quot;:&quot;&quot;,&quot;orientation&quot;:&quot;0&quot;}\" data-image-title=\"img.MTA3NDI2NTkwNQ\" data-image-description=\"\" data-medium-file=\"https:\/\/orion-veicolispeciali.info\/fr\/wp-content\/uploads\/2018\/03\/img.MTA3NDI2NTkwNQ-300x225.jpeg\" data-large-file=\"https:\/\/orion-veicolispeciali.info\/fr\/wp-content\/uploads\/2018\/03\/img.MTA3NDI2NTkwNQ.jpeg\" src=\"https:\/\/orion-veicolispeciali.info\/fr\/wp-content\/uploads\/2018\/03\/img.MTA3NDI2NTkwNQ-394x296.jpeg\" width=\"394\" height=\"296\" align=\"left\" title=\"img.MTA3NDI2NTkwNQ\" \/><\/a><\/div><\/div><div class=\"gallery-group images-1\" style=\"width: 398px; height: 300px;\"><div class=\"tiled-gallery-item tiled-gallery-item-large\"><a href=\"https:\/\/orion-veicolispeciali.info\/fr\/wp-content\/uploads\/2018\/03\/img.MTk1NDI0MzEwNA.jpeg\"><img loading=\"lazy\" decoding=\"async\" data-attachment-id=\"1242\" data-orig-file=\"https:\/\/orion-veicolispeciali.info\/fr\/wp-content\/uploads\/2018\/03\/img.MTk1NDI0MzEwNA.jpeg\" data-orig-size=\"480,360\" data-comments-opened=\"1\" data-image-meta=\"{&quot;aperture&quot;:&quot;0&quot;,&quot;credit&quot;:&quot;&quot;,&quot;camera&quot;:&quot;&quot;,&quot;caption&quot;:&quot;&quot;,&quot;created_timestamp&quot;:&quot;0&quot;,&quot;copyright&quot;:&quot;&quot;,&quot;focal_length&quot;:&quot;0&quot;,&quot;iso&quot;:&quot;0&quot;,&quot;shutter_speed&quot;:&quot;0&quot;,&quot;title&quot;:&quot;&quot;,&quot;orientation&quot;:&quot;0&quot;}\" data-image-title=\"img.MTk1NDI0MzEwNA\" data-image-description=\"\" data-medium-file=\"https:\/\/orion-veicolispeciali.info\/fr\/wp-content\/uploads\/2018\/03\/img.MTk1NDI0MzEwNA-300x225.jpeg\" data-large-file=\"https:\/\/orion-veicolispeciali.info\/fr\/wp-content\/uploads\/2018\/03\/img.MTk1NDI0MzEwNA.jpeg\" src=\"https:\/\/orion-veicolispeciali.info\/fr\/wp-content\/uploads\/2018\/03\/img.MTk1NDI0MzEwNA-394x296.jpeg\" width=\"394\" height=\"296\" align=\"left\" title=\"img.MTk1NDI0MzEwNA\" \/><\/a><\/div><\/div><\/div><div class=\"gallery-row\" style=\"width: 1195px; height: 893px;\"><div class=\"gallery-group images-1\" style=\"width: 1195px; height: 897px;\"><div class=\"tiled-gallery-item tiled-gallery-item-large\"><a href=\"https:\/\/orion-veicolispeciali.info\/fr\/wp-content\/uploads\/2018\/03\/img.OTI5NjE3NzA.jpeg\"><img loading=\"lazy\" decoding=\"async\" data-attachment-id=\"1243\" data-orig-file=\"https:\/\/orion-veicolispeciali.info\/fr\/wp-content\/uploads\/2018\/03\/img.OTI5NjE3NzA.jpeg\" data-orig-size=\"480,360\" data-comments-opened=\"1\" data-image-meta=\"{&quot;aperture&quot;:&quot;0&quot;,&quot;credit&quot;:&quot;&quot;,&quot;camera&quot;:&quot;&quot;,&quot;caption&quot;:&quot;&quot;,&quot;created_timestamp&quot;:&quot;0&quot;,&quot;copyright&quot;:&quot;&quot;,&quot;focal_length&quot;:&quot;0&quot;,&quot;iso&quot;:&quot;0&quot;,&quot;shutter_speed&quot;:&quot;0&quot;,&quot;title&quot;:&quot;&quot;,&quot;orientation&quot;:&quot;0&quot;}\" data-image-title=\"img.OTI5NjE3NzA\" data-image-description=\"\" data-medium-file=\"https:\/\/orion-veicolispeciali.info\/fr\/wp-content\/uploads\/2018\/03\/img.OTI5NjE3NzA-300x225.jpeg\" data-large-file=\"https:\/\/orion-veicolispeciali.info\/fr\/wp-content\/uploads\/2018\/03\/img.OTI5NjE3NzA.jpeg\" src=\"https:\/\/orion-veicolispeciali.info\/fr\/wp-content\/uploads\/2018\/03\/img.OTI5NjE3NzA.jpeg\" width=\"1191\" height=\"893\" align=\"left\" title=\"img.OTI5NjE3NzA\" \/><\/a><\/div><\/div><\/div><\/div>\n","protected":false},"excerpt":{"rendered":"<p>Consultez d\u00e8s maintenant le nouveau site ORION Pro Mobility ORION a d\u00e9velopp\u00e9, avec son bureau de recherche et de d\u00e9veloppement, un nouveau type de v\u00e9hicules pour le transport de personnes handicap\u00e9es qui associe les exigences de confort et habitabilit\u00e9 aux r\u00e9glementations europ\u00e9ennes concernant la s\u00e9curit\u00e9 de l\u2019arrimage des fauteuils roulants \u00e0 l\u2019int\u00e9rieur du v\u00e9hicule de [&hellip;]<\/p>\n","protected":false},"author":1,"featured_media":1333,"parent":1003,"menu_order":0,"comment_status":"closed","ping_status":"closed","template":"","meta":{"footnotes":""},"class_list":{"0":"post-1155","1":"page","2":"type-page","3":"status-publish","4":"has-post-thumbnail","6":"entry"},"_links":{"self":[{"href":"https:\/\/orion-veicolispeciali.info\/fr\/wp-json\/wp\/v2\/pages\/1155","targetHints":{"allow":["GET"]}}],"collection":[{"href":"https:\/\/orion-veicolispeciali.info\/fr\/wp-json\/wp\/v2\/pages"}],"about":[{"href":"https:\/\/orion-veicolispeciali.info\/fr\/wp-json\/wp\/v2\/types\/page"}],"author":[{"embeddable":true,"href":"https:\/\/orion-veicolispeciali.info\/fr\/wp-json\/wp\/v2\/users\/1"}],"replies":[{"embeddable":true,"href":"https:\/\/orion-veicolispeciali.info\/fr\/wp-json\/wp\/v2\/comments?post=1155"}],"version-history":[{"count":5,"href":"https:\/\/orion-veicolispeciali.info\/fr\/wp-json\/wp\/v2\/pages\/1155\/revisions"}],"predecessor-version":[{"id":1706,"href":"https:\/\/orion-veicolispeciali.info\/fr\/wp-json\/wp\/v2\/pages\/1155\/revisions\/1706"}],"up":[{"embeddable":true,"href":"https:\/\/orion-veicolispeciali.info\/fr\/wp-json\/wp\/v2\/pages\/1003"}],"wp:featuredmedia":[{"embeddable":true,"href":"https:\/\/orion-veicolispeciali.info\/fr\/wp-json\/wp\/v2\/media\/1333"}],"wp:attachment":[{"href":"https:\/\/orion-veicolispeciali.info\/fr\/wp-json\/wp\/v2\/media?parent=1155"}],"curies":[{"name":"wp","href":"https:\/\/api.w.org\/{rel}","templated":true}]}}